{"id":59840,"date":"2023-10-27T13:37:02","date_gmt":"2023-10-27T11:37:02","guid":{"rendered":"https:\/\/ulysseus.eu\/resources-and-publications\/mob4all-lignes-directrices-sur-la-mobilite-pour-tous\/"},"modified":"2023-11-21T13:03:41","modified_gmt":"2023-11-21T12:03:41","slug":"mob4all-lignes-directrices-sur-la-mobilite-pour-tous","status":"publish","type":"resources","link":"https:\/\/ulysseus.eu\/fr\/resources-and-publications\/mob4all-lignes-directrices-sur-la-mobilite-pour-tous\/","title":{"rendered":"Mob4All: Lignes directrices sur la mobilit\u00e9 pour tous"},"content":{"rendered":"\n<p>Mob4All est un projet cofinanc\u00e9 par le programme Erasmus+ (KA2 Strategic Partnership). Le projet favorise l&rsquo;inclusion des \u00e9tudiants ayant des besoins sp\u00e9ciaux dans les programmes de mobilit\u00e9 internationale \u00e0 travers le renforcement des capacit\u00e9s des diff\u00e9rents acteurs qui peuvent les soutenir, transformant les environnements des universit\u00e9s participantes avec le d\u00e9veloppement et le partage de pratiques et de protocoles centr\u00e9s sur l&rsquo;individu, r\u00e9duisant ainsi les in\u00e9galit\u00e9s. d\u2019acc\u00e8s aux\r\nressources et aux opportunit\u00e9s dans l\u2019enseignement sup\u00e9rieur. Pour plus d&rsquo;informations sur le projet et ses r\u00e9sultats, visitez le site Web du projet: Mob4All@Ulysseus \u2013 <a href=\"https:\/\/mob4all.ulysseus.eu\/\"><strong>Promouvoir la mobilit\u00e9 transnationale des \u00e9tudiants<\/strong> ayant des besoins particuliers<\/a>.<\/p>\n\n\n\n<p>L&rsquo;une des priorit\u00e9s du programme Erasmus+ est la promotion de l&rsquo;inclusion et de la diversit\u00e9 dans toutes ses actions. Lors de la mise en \u0153uvre de projets de mobilit\u00e9, les \u00e9tablissements d&rsquo;enseignement sup\u00e9rieur devraient adopter une approche inclusive, les rendant accessibles \u00e0 tous les \u00e9tudiants.<\/p>\n\n\n\n<p>L&rsquo;objectif des Lignes directrices est de soutenir les \u00e9tablissements d&rsquo;enseignement sup\u00e9rieur et le r\u00e9seau d&rsquo;acteurs impliqu\u00e9s dans une mobilit\u00e9 pour cr\u00e9er un environnement s\u00fbr et accessible pour tous les \u00e9tudiants, en gardant \u00e0 l&rsquo;esprit que\r\nchaque \u00e9tablissement est diff\u00e9rent des autres et en \u00e9tant honn\u00eate dans le processus : il sont des obstacles structurels qui ne peuvent \u00eatre surmont\u00e9s.<\/p>\n\n\n\n<p>Cependant, l\u2019accent doit \u00eatre mis sur les obstacles qui peuvent \u00eatre \u00e9limin\u00e9s, en trouvant des moyens et des ressources pour r\u00e9pondre aux besoins sp\u00e9cifiques de chaque \u00e9l\u00e8ve.<\/p>\n\n\n\n<p>Les lignes directrices sont divis\u00e9es en deux parties. La premi\u00e8re est structur\u00e9e selon les 3 phases diff\u00e9rentes de toute mobilit\u00e9 (Avant, Pendant et Apr\u00e8s) du point de vue de l&rsquo;\u00e9tablissement d&rsquo;enseignement sup\u00e9rieur d&rsquo;origine et d&rsquo;accueil. Il est important de souligner que la mise en \u0153uvre de mobilit\u00e9s inclusives de haute\r\nqualit\u00e9 n\u00e9cessite une collaboration directe entre les institutions d&rsquo;envoi et d&rsquo;accueil, \u00e0 toutes les phases de l&rsquo;exp\u00e9rience.<\/p>\n\n\n\n<p>La deuxi\u00e8me partie est divis\u00e9e en quatre sections, chacune se concentrant sur les d\u00e9fis de mobilit\u00e9 li\u00e9s \u00e0 un macro-groupe sp\u00e9cifique de handicaps et de besoins particuliers : Handicap physique ; D\u00e9ficience auditive et visuelle ; Dyslexie; Autisme,\r\nd\u00e9ficit d&rsquo;attention et sant\u00e9 mentale.<\/p>\n\n\n\n<p><\/p>\n","protected":false},"featured_media":59849,"template":"","tags":[183,257,44,315],"class_list":["post-59840","resources","type-resources","status-publish","has-post-thumbnail","hentry","tag-guide","tag-mob4all","tag-mobility","tag-special-needs"],"acf":[],"yoast_head":"<!-- This site is optimized with the Yoast SEO plugin v27.1.1 - https:\/\/yoast.com\/product\/yoast-seo-wordpress\/ -->\n<title>Mob4All: Lignes directrices sur la mobilit\u00e9 pour tous - Ulysseus<\/title>\n<meta name=\"description\" content=\"Pour les agents de mobilit\u00e9, le personnel acad\u00e9mique et non acad\u00e9mique et les \u00e9tudiants tuteurs\" \/>\n<meta name=\"robots\" content=\"index, follow, max-snippet:-1, max-image-preview:large, max-video-preview:-1\" \/>\n<link rel=\"canonical\" href=\"https:\/\/ulysseus.eu\/fr\/resources-and-publications\/mob4all-lignes-directrices-sur-la-mobilite-pour-tous\/\" \/>\n<meta property=\"og:locale\" content=\"fr_FR\" \/>\n<meta property=\"og:type\" content=\"article\" \/>\n<meta property=\"og:title\" content=\"Mob4All: Lignes directrices sur la mobilit\u00e9 pour tous - Ulysseus\" \/>\n<meta property=\"og:description\" content=\"Pour les agents de mobilit\u00e9, le personnel acad\u00e9mique et non acad\u00e9mique et les \u00e9tudiants tuteurs\" \/>\n<meta property=\"og:url\" content=\"https:\/\/ulysseus.eu\/fr\/resources-and-publications\/mob4all-lignes-directrices-sur-la-mobilite-pour-tous\/\" \/>\n<meta property=\"og:site_name\" content=\"Ulysseus\" \/>\n<meta property=\"article:modified_time\" content=\"2023-11-21T12:03:41+00:00\" \/>\n<meta property=\"og:image\" content=\"https:\/\/ulysseus.eu\/wp-content\/uploads\/2023\/10\/mob4all-french-cover.png\" \/>\n\t<meta property=\"og:image:width\" content=\"790\" \/>\n\t<meta property=\"og:image:height\" content=\"555\" \/>\n\t<meta property=\"og:image:type\" content=\"image\/png\" \/>\n<meta name=\"twitter:card\" content=\"summary_large_image\" \/>\n<meta name=\"twitter:label1\" content=\"Dur\u00e9e de lecture estim\u00e9e\" \/>\n\t<meta name=\"twitter:data1\" content=\"2 minutes\" \/>\n<script type=\"application\/ld+json\" class=\"yoast-schema-graph\">{\"@context\":\"https:\/\/schema.org\",\"@graph\":[{\"@type\":\"WebPage\",\"@id\":\"https:\/\/ulysseus.eu\/fr\/resources-and-publications\/mob4all-lignes-directrices-sur-la-mobilite-pour-tous\/\",\"url\":\"https:\/\/ulysseus.eu\/fr\/resources-and-publications\/mob4all-lignes-directrices-sur-la-mobilite-pour-tous\/\",\"name\":\"Mob4All: Lignes directrices sur la mobilit\u00e9 pour tous - Ulysseus\",\"isPartOf\":{\"@id\":\"https:\/\/ulysseus.eu\/fr\/#website\"},\"primaryImageOfPage\":{\"@id\":\"https:\/\/ulysseus.eu\/fr\/resources-and-publications\/mob4all-lignes-directrices-sur-la-mobilite-pour-tous\/#primaryimage\"},\"image\":{\"@id\":\"https:\/\/ulysseus.eu\/fr\/resources-and-publications\/mob4all-lignes-directrices-sur-la-mobilite-pour-tous\/#primaryimage\"},\"thumbnailUrl\":\"https:\/\/ulysseus.eu\/wp-content\/uploads\/2023\/10\/mob4all-french-cover.png\",\"datePublished\":\"2023-10-27T11:37:02+00:00\",\"dateModified\":\"2023-11-21T12:03:41+00:00\",\"description\":\"Pour les agents de mobilit\u00e9, le personnel acad\u00e9mique et non acad\u00e9mique et les \u00e9tudiants tuteurs\",\"inLanguage\":\"fr-FR\",\"potentialAction\":[{\"@type\":\"ReadAction\",\"target\":[\"https:\/\/ulysseus.eu\/fr\/resources-and-publications\/mob4all-lignes-directrices-sur-la-mobilite-pour-tous\/\"]}]},{\"@type\":\"ImageObject\",\"inLanguage\":\"fr-FR\",\"@id\":\"https:\/\/ulysseus.eu\/fr\/resources-and-publications\/mob4all-lignes-directrices-sur-la-mobilite-pour-tous\/#primaryimage\",\"url\":\"https:\/\/ulysseus.eu\/wp-content\/uploads\/2023\/10\/mob4all-french-cover.png\",\"contentUrl\":\"https:\/\/ulysseus.eu\/wp-content\/uploads\/2023\/10\/mob4all-french-cover.png\",\"width\":790,\"height\":555,\"caption\":\"Mob4All guide cover\"},{\"@type\":\"WebSite\",\"@id\":\"https:\/\/ulysseus.eu\/fr\/#website\",\"url\":\"https:\/\/ulysseus.eu\/fr\/\",\"name\":\"Ulysseus\",\"description\":\"European University\",\"publisher\":{\"@id\":\"https:\/\/ulysseus.eu\/fr\/#organization\"},\"potentialAction\":[{\"@type\":\"SearchAction\",\"target\":{\"@type\":\"EntryPoint\",\"urlTemplate\":\"https:\/\/ulysseus.eu\/fr\/?s={search_term_string}\"},\"query-input\":{\"@type\":\"PropertyValueSpecification\",\"valueRequired\":true,\"valueName\":\"search_term_string\"}}],\"inLanguage\":\"fr-FR\"},{\"@type\":\"Organization\",\"@id\":\"https:\/\/ulysseus.eu\/fr\/#organization\",\"name\":\"Ulysseus\",\"alternateName\":\"European University\",\"url\":\"https:\/\/ulysseus.eu\/fr\/\",\"logo\":{\"@type\":\"ImageObject\",\"inLanguage\":\"fr-FR\",\"@id\":\"https:\/\/ulysseus.eu\/fr\/#\/schema\/logo\/image\/\",\"url\":\"https:\/\/ulysseus.eu\/wp-content\/uploads\/2022\/02\/Ulysseus-Logo-01-MainVersion-2.png\",\"contentUrl\":\"https:\/\/ulysseus.eu\/wp-content\/uploads\/2022\/02\/Ulysseus-Logo-01-MainVersion-2.png\",\"width\":3508,\"height\":2481,\"caption\":\"Ulysseus\"},\"image\":{\"@id\":\"https:\/\/ulysseus.eu\/fr\/#\/schema\/logo\/image\/\"}}]}<\/script>\n<!-- \/ Yoast SEO plugin. -->","yoast_head_json":{"title":"Mob4All: Lignes directrices sur la mobilit\u00e9 pour tous - Ulysseus","description":"Pour les agents de mobilit\u00e9, le personnel acad\u00e9mique et non acad\u00e9mique et les \u00e9tudiants tuteurs","robots":{"index":"index","follow":"follow","max-snippet":"max-snippet:-1","max-image-preview":"max-image-preview:large","max-video-preview":"max-video-preview:-1"},"canonical":"https:\/\/ulysseus.eu\/fr\/resources-and-publications\/mob4all-lignes-directrices-sur-la-mobilite-pour-tous\/","og_locale":"fr_FR","og_type":"article","og_title":"Mob4All: Lignes directrices sur la mobilit\u00e9 pour tous - Ulysseus","og_description":"Pour les agents de mobilit\u00e9, le personnel acad\u00e9mique et non acad\u00e9mique et les \u00e9tudiants tuteurs","og_url":"https:\/\/ulysseus.eu\/fr\/resources-and-publications\/mob4all-lignes-directrices-sur-la-mobilite-pour-tous\/","og_site_name":"Ulysseus","article_modified_time":"2023-11-21T12:03:41+00:00","og_image":[{"width":790,"height":555,"url":"https:\/\/ulysseus.eu\/wp-content\/uploads\/2023\/10\/mob4all-french-cover.png","type":"image\/png"}],"twitter_card":"summary_large_image","twitter_misc":{"Dur\u00e9e de lecture estim\u00e9e":"2 minutes"},"schema":{"@context":"https:\/\/schema.org","@graph":[{"@type":"WebPage","@id":"https:\/\/ulysseus.eu\/fr\/resources-and-publications\/mob4all-lignes-directrices-sur-la-mobilite-pour-tous\/","url":"https:\/\/ulysseus.eu\/fr\/resources-and-publications\/mob4all-lignes-directrices-sur-la-mobilite-pour-tous\/","name":"Mob4All: Lignes directrices sur la mobilit\u00e9 pour tous - Ulysseus","isPartOf":{"@id":"https:\/\/ulysseus.eu\/fr\/#website"},"primaryImageOfPage":{"@id":"https:\/\/ulysseus.eu\/fr\/resources-and-publications\/mob4all-lignes-directrices-sur-la-mobilite-pour-tous\/#primaryimage"},"image":{"@id":"https:\/\/ulysseus.eu\/fr\/resources-and-publications\/mob4all-lignes-directrices-sur-la-mobilite-pour-tous\/#primaryimage"},"thumbnailUrl":"https:\/\/ulysseus.eu\/wp-content\/uploads\/2023\/10\/mob4all-french-cover.png","datePublished":"2023-10-27T11:37:02+00:00","dateModified":"2023-11-21T12:03:41+00:00","description":"Pour les agents de mobilit\u00e9, le personnel acad\u00e9mique et non acad\u00e9mique et les \u00e9tudiants tuteurs","inLanguage":"fr-FR","potentialAction":[{"@type":"ReadAction","target":["https:\/\/ulysseus.eu\/fr\/resources-and-publications\/mob4all-lignes-directrices-sur-la-mobilite-pour-tous\/"]}]},{"@type":"ImageObject","inLanguage":"fr-FR","@id":"https:\/\/ulysseus.eu\/fr\/resources-and-publications\/mob4all-lignes-directrices-sur-la-mobilite-pour-tous\/#primaryimage","url":"https:\/\/ulysseus.eu\/wp-content\/uploads\/2023\/10\/mob4all-french-cover.png","contentUrl":"https:\/\/ulysseus.eu\/wp-content\/uploads\/2023\/10\/mob4all-french-cover.png","width":790,"height":555,"caption":"Mob4All guide cover"},{"@type":"WebSite","@id":"https:\/\/ulysseus.eu\/fr\/#website","url":"https:\/\/ulysseus.eu\/fr\/","name":"Ulysseus","description":"European University","publisher":{"@id":"https:\/\/ulysseus.eu\/fr\/#organization"},"potentialAction":[{"@type":"SearchAction","target":{"@type":"EntryPoint","urlTemplate":"https:\/\/ulysseus.eu\/fr\/?s={search_term_string}"},"query-input":{"@type":"PropertyValueSpecification","valueRequired":true,"valueName":"search_term_string"}}],"inLanguage":"fr-FR"},{"@type":"Organization","@id":"https:\/\/ulysseus.eu\/fr\/#organization","name":"Ulysseus","alternateName":"European University","url":"https:\/\/ulysseus.eu\/fr\/","logo":{"@type":"ImageObject","inLanguage":"fr-FR","@id":"https:\/\/ulysseus.eu\/fr\/#\/schema\/logo\/image\/","url":"https:\/\/ulysseus.eu\/wp-content\/uploads\/2022\/02\/Ulysseus-Logo-01-MainVersion-2.png","contentUrl":"https:\/\/ulysseus.eu\/wp-content\/uploads\/2022\/02\/Ulysseus-Logo-01-MainVersion-2.png","width":3508,"height":2481,"caption":"Ulysseus"},"image":{"@id":"https:\/\/ulysseus.eu\/fr\/#\/schema\/logo\/image\/"}}]}},"_links":{"self":[{"href":"https:\/\/ulysseus.eu\/fr\/wp-json\/wp\/v2\/resources\/59840","targetHints":{"allow":["GET"]}}],"collection":[{"href":"https:\/\/ulysseus.eu\/fr\/wp-json\/wp\/v2\/resources"}],"about":[{"href":"https:\/\/ulysseus.eu\/fr\/wp-json\/wp\/v2\/types\/resources"}],"version-history":[{"count":4,"href":"https:\/\/ulysseus.eu\/fr\/wp-json\/wp\/v2\/resources\/59840\/revisions"}],"predecessor-version":[{"id":59859,"href":"https:\/\/ulysseus.eu\/fr\/wp-json\/wp\/v2\/resources\/59840\/revisions\/59859"}],"wp:featuredmedia":[{"embeddable":true,"href":"https:\/\/ulysseus.eu\/fr\/wp-json\/wp\/v2\/media\/59849"}],"wp:attachment":[{"href":"https:\/\/ulysseus.eu\/fr\/wp-json\/wp\/v2\/media?parent=59840"}],"wp:term":[{"taxonomy":"post_tag","embeddable":true,"href":"https:\/\/ulysseus.eu\/fr\/wp-json\/wp\/v2\/tags?post=59840"}],"curies":[{"name":"wp","href":"https:\/\/api.w.org\/{rel}","templated":true}]}}