{"id":59879,"date":"2023-10-27T13:37:02","date_gmt":"2023-10-27T11:37:02","guid":{"rendered":"https:\/\/ulysseus.eu\/resources-and-publications\/mob4all-mobility-for-all-ohjeet-kohti-osallistavaa-kansainvalisyytta\/"},"modified":"2023-11-21T13:16:18","modified_gmt":"2023-11-21T12:16:18","slug":"mob4all-mobility-for-all-ohjeet-kohti-osallistavaa-kansainvalisyytta","status":"publish","type":"resources","link":"https:\/\/ulysseus.eu\/fi\/resources-and-publications\/mob4all-mobility-for-all-ohjeet-kohti-osallistavaa-kansainvalisyytta\/","title":{"rendered":"Mob4All: Mobility for All Ohjeet kohti osallistavaa kansainv\u00e4lisyytt\u00e4"},"content":{"rendered":"\n<p>Mob4All on Erasmus -ohjelman (KA2 Strategic Partnership) osittain rahoittama hanke. Hanke pyrkii edist\u00e4m\u00e4\u00e4n erityist\u00e4 tukea tarvitsevien opiskelijoiden osallistumista korkeakoulujen kansainv\u00e4lisiin liikkuvuusohjelmiin kehitt\u00e4m\u00e4ll\u00e4 opiskelijoita tukevien toimijoiden valmiuksia ja muuttamalla osallistuvien korkeakoulujen ymp\u00e4rist\u00f6j\u00e4 yksil\u00f6keskeisten k\u00e4yt\u00e4nt\u00f6jen ja menetelmien kehitt\u00e4misen ja jakamisen avulla. Tavoitteena on t\u00e4ten v\u00e4hent\u00e4\u00e4 eriarvoisuutta.<\/p>\n\n\n\n<p>Lis\u00e4tietoja hankkeesta ja sen tuloksista saat hankkeen verkkosivuilta: Mob4All@Ulysseus \u2013 Erityist\u00e4 tukea tarvitsevien opiskelijoiden kansainv\u00e4lisen liikkuvuuden edist\u00e4minen. Yksi Erasmus+-ohjelman painopisteist\u00e4 on osallisuuden ja monimuotoisuuden edist\u00e4minen sen kaikissa toimissa. Liikkuvuushankkeita toteutettaessa korkeakouluilla tulisi olla osallistava l\u00e4hestymistapa, jotta ne ovat kaikkien opiskelijoiden ulottuvilla.<\/p>\n\n\n\n<p>Ohjeiden tarkoituksena on tukea korkeakouluja ja liikkuvuuteen osallistuvien\r\ntoimijoiden verkostoa luomaan turvallinen ja esteet\u00f6n ymp\u00e4rist\u00f6 kaikille opiskelijoille, pit\u00e4en mieless\u00e4, ett\u00e4 jokainen korkeakoulu on erilainen kuin muut, ja tunnistaen rehellisesti, ett\u00e4 on olemassa my\u00f6s rakenteellisia esteit\u00e4, joita ei voida\r\nylitt\u00e4\u00e4.<\/p>\n\n\n\n<p>N\u00e4iss\u00e4 ohjeissa keskityt\u00e4\u00e4n kuitenkin esteisiin, jotka voidaan ylitt\u00e4\u00e4, ja pyrit\u00e4\u00e4n l\u00f6yt\u00e4m\u00e4\u00e4n keinoja ja resursseja vastata kunkin opiskelijan erityistarpeisiin. Ohjeiden sis\u00e4lt\u00f6 on koottu Mob4All-kumppaneiden kokemuksista, jotka on\r\nhankittu vuorovaikutuksessa erityist\u00e4 tukea tarvitsevien opiskelijoiden kanssa.<\/p>\n\n\n\n<p>Ohjeet on jaettu kahteen osaan. Ensimm\u00e4inen k\u00e4sittelee kansainv\u00e4list\u00e4 liikkuvuusjaksoa yleisell\u00e4 tasolla noudattaen jakoa kolmeen eri vaiheeseen (ennen vaihtoa, vaihdon aikana ja vaihdon j\u00e4lkeen) sek\u00e4 l\u00e4hett\u00e4v\u00e4n ett\u00e4 vastaanottavan korkeakoulun n\u00e4k\u00f6kulmasta. On t\u00e4rke\u00e4\u00e4 korostaa, ett\u00e4 laadukkaan osallistavan\r\nliikkuvuuden toteuttaminen edellytt\u00e4\u00e4 suoraa yhteisty\u00f6t\u00e4 l\u00e4hett\u00e4v\u00e4n ja vastaanottavan laitoksen v\u00e4lill\u00e4 prosessin kaikissa vaiheissa.<\/p>\n\n\n\n<p>Toinen osa on jaettu nelj\u00e4\u00e4n osaan, joista jokainen keskittyy tiettyyn erityistarveryhm\u00e4\u00e4n ja siihen liittyviin liikkuvuuden haasteisiin. N\u00e4m\u00e4 ovat: Liikuntavammat; Kuulo- ja n\u00e4k\u00f6vammat; Lukih\u00e4iri\u00f6; Autismi, ADHD ja mielenterveys.<\/p>\n\n\n\n<p><\/p>\n","protected":false},"featured_media":59888,"template":"","tags":[183,257,44,315],"class_list":["post-59879","resources","type-resources","status-publish","has-post-thumbnail","hentry","tag-guide","tag-mob4all","tag-mobility","tag-special-needs"],"acf":[],"yoast_head":"<!-- This site is optimized with the Yoast SEO plugin v27.1.1 - https:\/\/yoast.com\/product\/yoast-seo-wordpress\/ -->\n<title>Mob4All: Mobility for All Ohjeet kohti osallistavaa kansainv\u00e4lisyytt\u00e4 - Ulysseus<\/title>\n<meta name=\"description\" content=\"Korkeakoulujen opetus- ja hallintohenkil\u00f6st\u00f6lle sek\u00e4 tuutoriopiskelijoille\" \/>\n<meta name=\"robots\" content=\"index, follow, max-snippet:-1, max-image-preview:large, max-video-preview:-1\" \/>\n<link rel=\"canonical\" href=\"https:\/\/ulysseus.eu\/fi\/resources-and-publications\/mob4all-mobility-for-all-ohjeet-kohti-osallistavaa-kansainvalisyytta\/\" \/>\n<meta property=\"og:locale\" content=\"fi_FI\" \/>\n<meta property=\"og:type\" content=\"article\" \/>\n<meta property=\"og:title\" content=\"Mob4All: Mobility for All Ohjeet kohti osallistavaa kansainv\u00e4lisyytt\u00e4 - Ulysseus\" \/>\n<meta property=\"og:description\" content=\"Korkeakoulujen opetus- ja hallintohenkil\u00f6st\u00f6lle sek\u00e4 tuutoriopiskelijoille\" \/>\n<meta property=\"og:url\" content=\"https:\/\/ulysseus.eu\/fi\/resources-and-publications\/mob4all-mobility-for-all-ohjeet-kohti-osallistavaa-kansainvalisyytta\/\" \/>\n<meta property=\"og:site_name\" content=\"Ulysseus\" \/>\n<meta property=\"article:modified_time\" content=\"2023-11-21T12:16:18+00:00\" \/>\n<meta property=\"og:image\" content=\"https:\/\/ulysseus.eu\/wp-content\/uploads\/2023\/10\/mob4all-finnish-cover.png\" \/>\n\t<meta property=\"og:image:width\" content=\"787\" \/>\n\t<meta property=\"og:image:height\" content=\"556\" \/>\n\t<meta property=\"og:image:type\" content=\"image\/png\" \/>\n<meta name=\"twitter:card\" content=\"summary_large_image\" \/>\n<meta name=\"twitter:label1\" content=\"Arvioitu lukuaika\" \/>\n\t<meta name=\"twitter:data1\" content=\"2 minuuttia\" \/>\n<script type=\"application\/ld+json\" class=\"yoast-schema-graph\">{\"@context\":\"https:\/\/schema.org\",\"@graph\":[{\"@type\":\"WebPage\",\"@id\":\"https:\/\/ulysseus.eu\/fi\/resources-and-publications\/mob4all-mobility-for-all-ohjeet-kohti-osallistavaa-kansainvalisyytta\/\",\"url\":\"https:\/\/ulysseus.eu\/fi\/resources-and-publications\/mob4all-mobility-for-all-ohjeet-kohti-osallistavaa-kansainvalisyytta\/\",\"name\":\"Mob4All: Mobility for All Ohjeet kohti osallistavaa kansainv\u00e4lisyytt\u00e4 - Ulysseus\",\"isPartOf\":{\"@id\":\"https:\/\/ulysseus.eu\/fi\/#website\"},\"primaryImageOfPage\":{\"@id\":\"https:\/\/ulysseus.eu\/fi\/resources-and-publications\/mob4all-mobility-for-all-ohjeet-kohti-osallistavaa-kansainvalisyytta\/#primaryimage\"},\"image\":{\"@id\":\"https:\/\/ulysseus.eu\/fi\/resources-and-publications\/mob4all-mobility-for-all-ohjeet-kohti-osallistavaa-kansainvalisyytta\/#primaryimage\"},\"thumbnailUrl\":\"https:\/\/ulysseus.eu\/wp-content\/uploads\/2023\/10\/mob4all-finnish-cover.png\",\"datePublished\":\"2023-10-27T11:37:02+00:00\",\"dateModified\":\"2023-11-21T12:16:18+00:00\",\"description\":\"Korkeakoulujen opetus- ja hallintohenkil\u00f6st\u00f6lle sek\u00e4 tuutoriopiskelijoille\",\"inLanguage\":\"fi\",\"potentialAction\":[{\"@type\":\"ReadAction\",\"target\":[\"https:\/\/ulysseus.eu\/fi\/resources-and-publications\/mob4all-mobility-for-all-ohjeet-kohti-osallistavaa-kansainvalisyytta\/\"]}]},{\"@type\":\"ImageObject\",\"inLanguage\":\"fi\",\"@id\":\"https:\/\/ulysseus.eu\/fi\/resources-and-publications\/mob4all-mobility-for-all-ohjeet-kohti-osallistavaa-kansainvalisyytta\/#primaryimage\",\"url\":\"https:\/\/ulysseus.eu\/wp-content\/uploads\/2023\/10\/mob4all-finnish-cover.png\",\"contentUrl\":\"https:\/\/ulysseus.eu\/wp-content\/uploads\/2023\/10\/mob4all-finnish-cover.png\",\"width\":787,\"height\":556,\"caption\":\"Mob4All Finnish cover\"},{\"@type\":\"WebSite\",\"@id\":\"https:\/\/ulysseus.eu\/fi\/#website\",\"url\":\"https:\/\/ulysseus.eu\/fi\/\",\"name\":\"Ulysseus\",\"description\":\"European University\",\"publisher\":{\"@id\":\"https:\/\/ulysseus.eu\/fi\/#organization\"},\"potentialAction\":[{\"@type\":\"SearchAction\",\"target\":{\"@type\":\"EntryPoint\",\"urlTemplate\":\"https:\/\/ulysseus.eu\/fi\/?s={search_term_string}\"},\"query-input\":{\"@type\":\"PropertyValueSpecification\",\"valueRequired\":true,\"valueName\":\"search_term_string\"}}],\"inLanguage\":\"fi\"},{\"@type\":\"Organization\",\"@id\":\"https:\/\/ulysseus.eu\/fi\/#organization\",\"name\":\"Ulysseus\",\"alternateName\":\"European University\",\"url\":\"https:\/\/ulysseus.eu\/fi\/\",\"logo\":{\"@type\":\"ImageObject\",\"inLanguage\":\"fi\",\"@id\":\"https:\/\/ulysseus.eu\/fi\/#\/schema\/logo\/image\/\",\"url\":\"https:\/\/ulysseus.eu\/wp-content\/uploads\/2022\/02\/Ulysseus-Logo-01-MainVersion-2.png\",\"contentUrl\":\"https:\/\/ulysseus.eu\/wp-content\/uploads\/2022\/02\/Ulysseus-Logo-01-MainVersion-2.png\",\"width\":3508,\"height\":2481,\"caption\":\"Ulysseus\"},\"image\":{\"@id\":\"https:\/\/ulysseus.eu\/fi\/#\/schema\/logo\/image\/\"}}]}<\/script>\n<!-- \/ Yoast SEO plugin. -->","yoast_head_json":{"title":"Mob4All: Mobility for All Ohjeet kohti osallistavaa kansainv\u00e4lisyytt\u00e4 - Ulysseus","description":"Korkeakoulujen opetus- ja hallintohenkil\u00f6st\u00f6lle sek\u00e4 tuutoriopiskelijoille","robots":{"index":"index","follow":"follow","max-snippet":"max-snippet:-1","max-image-preview":"max-image-preview:large","max-video-preview":"max-video-preview:-1"},"canonical":"https:\/\/ulysseus.eu\/fi\/resources-and-publications\/mob4all-mobility-for-all-ohjeet-kohti-osallistavaa-kansainvalisyytta\/","og_locale":"fi_FI","og_type":"article","og_title":"Mob4All: Mobility for All Ohjeet kohti osallistavaa kansainv\u00e4lisyytt\u00e4 - Ulysseus","og_description":"Korkeakoulujen opetus- ja hallintohenkil\u00f6st\u00f6lle sek\u00e4 tuutoriopiskelijoille","og_url":"https:\/\/ulysseus.eu\/fi\/resources-and-publications\/mob4all-mobility-for-all-ohjeet-kohti-osallistavaa-kansainvalisyytta\/","og_site_name":"Ulysseus","article_modified_time":"2023-11-21T12:16:18+00:00","og_image":[{"width":787,"height":556,"url":"https:\/\/ulysseus.eu\/wp-content\/uploads\/2023\/10\/mob4all-finnish-cover.png","type":"image\/png"}],"twitter_card":"summary_large_image","twitter_misc":{"Arvioitu lukuaika":"2 minuuttia"},"schema":{"@context":"https:\/\/schema.org","@graph":[{"@type":"WebPage","@id":"https:\/\/ulysseus.eu\/fi\/resources-and-publications\/mob4all-mobility-for-all-ohjeet-kohti-osallistavaa-kansainvalisyytta\/","url":"https:\/\/ulysseus.eu\/fi\/resources-and-publications\/mob4all-mobility-for-all-ohjeet-kohti-osallistavaa-kansainvalisyytta\/","name":"Mob4All: Mobility for All Ohjeet kohti osallistavaa kansainv\u00e4lisyytt\u00e4 - Ulysseus","isPartOf":{"@id":"https:\/\/ulysseus.eu\/fi\/#website"},"primaryImageOfPage":{"@id":"https:\/\/ulysseus.eu\/fi\/resources-and-publications\/mob4all-mobility-for-all-ohjeet-kohti-osallistavaa-kansainvalisyytta\/#primaryimage"},"image":{"@id":"https:\/\/ulysseus.eu\/fi\/resources-and-publications\/mob4all-mobility-for-all-ohjeet-kohti-osallistavaa-kansainvalisyytta\/#primaryimage"},"thumbnailUrl":"https:\/\/ulysseus.eu\/wp-content\/uploads\/2023\/10\/mob4all-finnish-cover.png","datePublished":"2023-10-27T11:37:02+00:00","dateModified":"2023-11-21T12:16:18+00:00","description":"Korkeakoulujen opetus- ja hallintohenkil\u00f6st\u00f6lle sek\u00e4 tuutoriopiskelijoille","inLanguage":"fi","potentialAction":[{"@type":"ReadAction","target":["https:\/\/ulysseus.eu\/fi\/resources-and-publications\/mob4all-mobility-for-all-ohjeet-kohti-osallistavaa-kansainvalisyytta\/"]}]},{"@type":"ImageObject","inLanguage":"fi","@id":"https:\/\/ulysseus.eu\/fi\/resources-and-publications\/mob4all-mobility-for-all-ohjeet-kohti-osallistavaa-kansainvalisyytta\/#primaryimage","url":"https:\/\/ulysseus.eu\/wp-content\/uploads\/2023\/10\/mob4all-finnish-cover.png","contentUrl":"https:\/\/ulysseus.eu\/wp-content\/uploads\/2023\/10\/mob4all-finnish-cover.png","width":787,"height":556,"caption":"Mob4All Finnish cover"},{"@type":"WebSite","@id":"https:\/\/ulysseus.eu\/fi\/#website","url":"https:\/\/ulysseus.eu\/fi\/","name":"Ulysseus","description":"European University","publisher":{"@id":"https:\/\/ulysseus.eu\/fi\/#organization"},"potentialAction":[{"@type":"SearchAction","target":{"@type":"EntryPoint","urlTemplate":"https:\/\/ulysseus.eu\/fi\/?s={search_term_string}"},"query-input":{"@type":"PropertyValueSpecification","valueRequired":true,"valueName":"search_term_string"}}],"inLanguage":"fi"},{"@type":"Organization","@id":"https:\/\/ulysseus.eu\/fi\/#organization","name":"Ulysseus","alternateName":"European University","url":"https:\/\/ulysseus.eu\/fi\/","logo":{"@type":"ImageObject","inLanguage":"fi","@id":"https:\/\/ulysseus.eu\/fi\/#\/schema\/logo\/image\/","url":"https:\/\/ulysseus.eu\/wp-content\/uploads\/2022\/02\/Ulysseus-Logo-01-MainVersion-2.png","contentUrl":"https:\/\/ulysseus.eu\/wp-content\/uploads\/2022\/02\/Ulysseus-Logo-01-MainVersion-2.png","width":3508,"height":2481,"caption":"Ulysseus"},"image":{"@id":"https:\/\/ulysseus.eu\/fi\/#\/schema\/logo\/image\/"}}]}},"_links":{"self":[{"href":"https:\/\/ulysseus.eu\/fi\/wp-json\/wp\/v2\/resources\/59879","targetHints":{"allow":["GET"]}}],"collection":[{"href":"https:\/\/ulysseus.eu\/fi\/wp-json\/wp\/v2\/resources"}],"about":[{"href":"https:\/\/ulysseus.eu\/fi\/wp-json\/wp\/v2\/types\/resources"}],"version-history":[{"count":3,"href":"https:\/\/ulysseus.eu\/fi\/wp-json\/wp\/v2\/resources\/59879\/revisions"}],"predecessor-version":[{"id":59896,"href":"https:\/\/ulysseus.eu\/fi\/wp-json\/wp\/v2\/resources\/59879\/revisions\/59896"}],"wp:featuredmedia":[{"embeddable":true,"href":"https:\/\/ulysseus.eu\/fi\/wp-json\/wp\/v2\/media\/59888"}],"wp:attachment":[{"href":"https:\/\/ulysseus.eu\/fi\/wp-json\/wp\/v2\/media?parent=59879"}],"wp:term":[{"taxonomy":"post_tag","embeddable":true,"href":"https:\/\/ulysseus.eu\/fi\/wp-json\/wp\/v2\/tags?post=59879"}],"curies":[{"name":"wp","href":"https:\/\/api.w.org\/{rel}","templated":true}]}}