{"id":58431,"date":"2023-10-27T13:37:02","date_gmt":"2023-10-27T11:37:02","guid":{"rendered":"https:\/\/ulysseus.eu\/resources-and-publications\/mob4all-guia-de-movilidad-para-todos-y-todas\/"},"modified":"2023-11-21T12:54:46","modified_gmt":"2023-11-21T11:54:46","slug":"mob4all-guia-de-movilidad-para-todos-y-todas","status":"publish","type":"resources","link":"https:\/\/ulysseus.eu\/es\/resources-and-publications\/mob4all-guia-de-movilidad-para-todos-y-todas\/","title":{"rendered":"Mob4All: Gu\u00eda de movilidad para todos y todas"},"content":{"rendered":"\n<p>Mob4All es un proyecto cofinanciado por el programa Erasmus+ (Asociaci\u00f3n Estrat\u00e9gica KA2). El proyecto fomenta la inclusi\u00f3n de estudiantes con necesidades especiales en programas de movilidad internacional a trav\u00e9s del desarrollo de capacidades de los diferentes actores que pueden apoyarles, transformando los entornos de las Universidades participantes con el desarrollo y puesta en com\u00fan de pr\u00e1cticas y protocolos centrados en el individuo, reduciendo as\u00ed la desigualdad de acceso a recursos y oportunidades en la Educaci\u00f3n Superior. Para m\u00e1s informaci\u00f3n sobre el proyecto y sus resultados, visite el sitio web del proyecto: <a href=\"https:\/\/mob4all.ulysseus.eu\/\">Mob4All@Ulysseus \u2013 Promoting the transnational mobility of students with special needs.<\/a><\/p>\n\n\n\n<p>\nUna de las prioridades del programa Erasmus+ es la promoci\u00f3n de la inclusi\u00f3n y la diversidad en todas sus acciones. Al ejecutar los proyectos de movilidad, las instituciones de Educaci\u00f3n Superior deben tener un enfoque inclusivo, haci\u00e9ndolos accesibles a todos los estudiantes.<\/p>\n\n\n\n<p> El prop\u00f3sito de la Gu\u00eda es apoyar a las Instituciones de Educaci\u00f3n Superior y a la red de actores implicados en una movilidad para crear un entorno seguro y accesible para todos los estudiantes, teniendo en cuenta que cada Instituci\u00f3n es diferente de las dem\u00e1s y siendo honestos en el proceso: hay obst\u00e1culos estructurales que no se pueden superar.<\/p>\n\n\n\n<p>Sin embargo, hay que centrarse en las barreras que s\u00ed se pueden derribar, encontrando formas y recursos para satisfacer las necesidades espec\u00edficas de cada estudiante. El contenido de la Gu\u00eda se recopil\u00f3 a partir de la experiencia de los socios de Mob4All, adquirida gracias a su compromiso con los estudiantes con necesidades especiales y a su experiencia en movilidad y educaci\u00f3n. <\/p>\n\n\n\n<p>La Gu\u00eda se divide en dos partes. La primera se estructura siguiendo las 3 fases diferentes de cualquier movilidad (Antes, Durante y Despu\u00e9s) desde la perspectiva tanto de la instituci\u00f3n de educaci\u00f3n superior de origen como de la de destino. Es importante subrayar que la puesta en pr\u00e1ctica de movilidades inclusivas de alta calidad requiere una colaboraci\u00f3n directa entre las instituciones de env\u00edo y de acogida, en todas las fases de la experiencia.  <\/p>\n\n\n\n<p> La segunda parte se divide en cuatro secciones, cada una de las cuales se centra en los retos de movilidad relacionados con un macrogrupo espec\u00edfico de discapacidades y necesidades especiales: Discapacidad f\u00edsica; Dificultad auditiva y visual; Dislexia; Autismo, d\u00e9ficit de atenci\u00f3n y salud mental. <\/p>\n\n\n\n<p><\/p>\n","protected":false},"featured_media":58433,"template":"","tags":[183,257,44,315],"class_list":["post-58431","resources","type-resources","status-publish","has-post-thumbnail","hentry","tag-guide","tag-mob4all","tag-mobility","tag-special-needs"],"acf":[],"yoast_head":"<!-- This site is optimized with the Yoast SEO plugin v27.1.1 - https:\/\/yoast.com\/product\/yoast-seo-wordpress\/ -->\n<title>Mob4All: Gu\u00eda de movilidad para todos y todas - Ulysseus<\/title>\n<meta name=\"description\" content=\"La Gu\u00eda Mob4All se ha dise\u00f1ado para ayudar a los responsables de movilidad, al personal acad\u00e9mico y no acad\u00e9mico y a los estudiantes tutores\/acompa\u00f1antes a adoptar, adaptar y aplicar procedimientos para orientar, acomodar, apoyar e integrar a los estudiantes con necesidades especiales en la movilidad internacional.\" \/>\n<meta name=\"robots\" content=\"index, follow, max-snippet:-1, max-image-preview:large, max-video-preview:-1\" \/>\n<link rel=\"canonical\" href=\"https:\/\/ulysseus.eu\/es\/resources-and-publications\/mob4all-guia-de-movilidad-para-todos-y-todas\/\" \/>\n<meta property=\"og:locale\" content=\"es_ES\" \/>\n<meta property=\"og:type\" content=\"article\" \/>\n<meta property=\"og:title\" content=\"Mob4All: Gu\u00eda de movilidad para todos y todas - Ulysseus\" \/>\n<meta property=\"og:description\" content=\"La Gu\u00eda Mob4All se ha dise\u00f1ado para ayudar a los responsables de movilidad, al personal acad\u00e9mico y no acad\u00e9mico y a los estudiantes tutores\/acompa\u00f1antes a adoptar, adaptar y aplicar procedimientos para orientar, acomodar, apoyar e integrar a los estudiantes con necesidades especiales en la movilidad internacional.\" \/>\n<meta property=\"og:url\" content=\"https:\/\/ulysseus.eu\/es\/resources-and-publications\/mob4all-guia-de-movilidad-para-todos-y-todas\/\" \/>\n<meta property=\"og:site_name\" content=\"Ulysseus\" \/>\n<meta property=\"article:modified_time\" content=\"2023-11-21T11:54:46+00:00\" \/>\n<meta property=\"og:image\" content=\"https:\/\/ulysseus.eu\/wp-content\/uploads\/2023\/10\/mob4all-guide-ES.png\" \/>\n\t<meta property=\"og:image:width\" content=\"1873\" \/>\n\t<meta property=\"og:image:height\" content=\"1317\" \/>\n\t<meta property=\"og:image:type\" content=\"image\/png\" \/>\n<meta name=\"twitter:card\" content=\"summary_large_image\" \/>\n<meta name=\"twitter:label1\" content=\"Tiempo de lectura\" \/>\n\t<meta name=\"twitter:data1\" content=\"2 minutos\" \/>\n<script type=\"application\/ld+json\" class=\"yoast-schema-graph\">{\"@context\":\"https:\/\/schema.org\",\"@graph\":[{\"@type\":\"WebPage\",\"@id\":\"https:\/\/ulysseus.eu\/es\/resources-and-publications\/mob4all-guia-de-movilidad-para-todos-y-todas\/\",\"url\":\"https:\/\/ulysseus.eu\/es\/resources-and-publications\/mob4all-guia-de-movilidad-para-todos-y-todas\/\",\"name\":\"Mob4All: Gu\u00eda de movilidad para todos y todas - Ulysseus\",\"isPartOf\":{\"@id\":\"https:\/\/ulysseus.eu\/es\/#website\"},\"primaryImageOfPage\":{\"@id\":\"https:\/\/ulysseus.eu\/es\/resources-and-publications\/mob4all-guia-de-movilidad-para-todos-y-todas\/#primaryimage\"},\"image\":{\"@id\":\"https:\/\/ulysseus.eu\/es\/resources-and-publications\/mob4all-guia-de-movilidad-para-todos-y-todas\/#primaryimage\"},\"thumbnailUrl\":\"https:\/\/ulysseus.eu\/wp-content\/uploads\/2023\/10\/mob4all-guide-ES.png\",\"datePublished\":\"2023-10-27T11:37:02+00:00\",\"dateModified\":\"2023-11-21T11:54:46+00:00\",\"description\":\"La Gu\u00eda Mob4All se ha dise\u00f1ado para ayudar a los responsables de movilidad, al personal acad\u00e9mico y no acad\u00e9mico y a los estudiantes tutores\/acompa\u00f1antes a adoptar, adaptar y aplicar procedimientos para orientar, acomodar, apoyar e integrar a los estudiantes con necesidades especiales en la movilidad internacional.\",\"inLanguage\":\"es\",\"potentialAction\":[{\"@type\":\"ReadAction\",\"target\":[\"https:\/\/ulysseus.eu\/es\/resources-and-publications\/mob4all-guia-de-movilidad-para-todos-y-todas\/\"]}]},{\"@type\":\"ImageObject\",\"inLanguage\":\"es\",\"@id\":\"https:\/\/ulysseus.eu\/es\/resources-and-publications\/mob4all-guia-de-movilidad-para-todos-y-todas\/#primaryimage\",\"url\":\"https:\/\/ulysseus.eu\/wp-content\/uploads\/2023\/10\/mob4all-guide-ES.png\",\"contentUrl\":\"https:\/\/ulysseus.eu\/wp-content\/uploads\/2023\/10\/mob4all-guide-ES.png\",\"width\":1873,\"height\":1317,\"caption\":\"Portada de la gu\u00eda de Mob4All en la que se lee el t\u00edtulo: Gu\u00eda de movilidad para todos y todas\"},{\"@type\":\"WebSite\",\"@id\":\"https:\/\/ulysseus.eu\/es\/#website\",\"url\":\"https:\/\/ulysseus.eu\/es\/\",\"name\":\"Ulysseus\",\"description\":\"European University\",\"publisher\":{\"@id\":\"https:\/\/ulysseus.eu\/es\/#organization\"},\"potentialAction\":[{\"@type\":\"SearchAction\",\"target\":{\"@type\":\"EntryPoint\",\"urlTemplate\":\"https:\/\/ulysseus.eu\/es\/?s={search_term_string}\"},\"query-input\":{\"@type\":\"PropertyValueSpecification\",\"valueRequired\":true,\"valueName\":\"search_term_string\"}}],\"inLanguage\":\"es\"},{\"@type\":\"Organization\",\"@id\":\"https:\/\/ulysseus.eu\/es\/#organization\",\"name\":\"Ulysseus\",\"alternateName\":\"European University\",\"url\":\"https:\/\/ulysseus.eu\/es\/\",\"logo\":{\"@type\":\"ImageObject\",\"inLanguage\":\"es\",\"@id\":\"https:\/\/ulysseus.eu\/es\/#\/schema\/logo\/image\/\",\"url\":\"https:\/\/ulysseus.eu\/wp-content\/uploads\/2022\/02\/Ulysseus-Logo-01-MainVersion-2.png\",\"contentUrl\":\"https:\/\/ulysseus.eu\/wp-content\/uploads\/2022\/02\/Ulysseus-Logo-01-MainVersion-2.png\",\"width\":3508,\"height\":2481,\"caption\":\"Ulysseus\"},\"image\":{\"@id\":\"https:\/\/ulysseus.eu\/es\/#\/schema\/logo\/image\/\"}}]}<\/script>\n<!-- \/ Yoast SEO plugin. -->","yoast_head_json":{"title":"Mob4All: Gu\u00eda de movilidad para todos y todas - Ulysseus","description":"La Gu\u00eda Mob4All se ha dise\u00f1ado para ayudar a los responsables de movilidad, al personal acad\u00e9mico y no acad\u00e9mico y a los estudiantes tutores\/acompa\u00f1antes a adoptar, adaptar y aplicar procedimientos para orientar, acomodar, apoyar e integrar a los estudiantes con necesidades especiales en la movilidad internacional.","robots":{"index":"index","follow":"follow","max-snippet":"max-snippet:-1","max-image-preview":"max-image-preview:large","max-video-preview":"max-video-preview:-1"},"canonical":"https:\/\/ulysseus.eu\/es\/resources-and-publications\/mob4all-guia-de-movilidad-para-todos-y-todas\/","og_locale":"es_ES","og_type":"article","og_title":"Mob4All: Gu\u00eda de movilidad para todos y todas - Ulysseus","og_description":"La Gu\u00eda Mob4All se ha dise\u00f1ado para ayudar a los responsables de movilidad, al personal acad\u00e9mico y no acad\u00e9mico y a los estudiantes tutores\/acompa\u00f1antes a adoptar, adaptar y aplicar procedimientos para orientar, acomodar, apoyar e integrar a los estudiantes con necesidades especiales en la movilidad internacional.","og_url":"https:\/\/ulysseus.eu\/es\/resources-and-publications\/mob4all-guia-de-movilidad-para-todos-y-todas\/","og_site_name":"Ulysseus","article_modified_time":"2023-11-21T11:54:46+00:00","og_image":[{"width":1873,"height":1317,"url":"https:\/\/ulysseus.eu\/wp-content\/uploads\/2023\/10\/mob4all-guide-ES.png","type":"image\/png"}],"twitter_card":"summary_large_image","twitter_misc":{"Tiempo de lectura":"2 minutos"},"schema":{"@context":"https:\/\/schema.org","@graph":[{"@type":"WebPage","@id":"https:\/\/ulysseus.eu\/es\/resources-and-publications\/mob4all-guia-de-movilidad-para-todos-y-todas\/","url":"https:\/\/ulysseus.eu\/es\/resources-and-publications\/mob4all-guia-de-movilidad-para-todos-y-todas\/","name":"Mob4All: Gu\u00eda de movilidad para todos y todas - Ulysseus","isPartOf":{"@id":"https:\/\/ulysseus.eu\/es\/#website"},"primaryImageOfPage":{"@id":"https:\/\/ulysseus.eu\/es\/resources-and-publications\/mob4all-guia-de-movilidad-para-todos-y-todas\/#primaryimage"},"image":{"@id":"https:\/\/ulysseus.eu\/es\/resources-and-publications\/mob4all-guia-de-movilidad-para-todos-y-todas\/#primaryimage"},"thumbnailUrl":"https:\/\/ulysseus.eu\/wp-content\/uploads\/2023\/10\/mob4all-guide-ES.png","datePublished":"2023-10-27T11:37:02+00:00","dateModified":"2023-11-21T11:54:46+00:00","description":"La Gu\u00eda Mob4All se ha dise\u00f1ado para ayudar a los responsables de movilidad, al personal acad\u00e9mico y no acad\u00e9mico y a los estudiantes tutores\/acompa\u00f1antes a adoptar, adaptar y aplicar procedimientos para orientar, acomodar, apoyar e integrar a los estudiantes con necesidades especiales en la movilidad internacional.","inLanguage":"es","potentialAction":[{"@type":"ReadAction","target":["https:\/\/ulysseus.eu\/es\/resources-and-publications\/mob4all-guia-de-movilidad-para-todos-y-todas\/"]}]},{"@type":"ImageObject","inLanguage":"es","@id":"https:\/\/ulysseus.eu\/es\/resources-and-publications\/mob4all-guia-de-movilidad-para-todos-y-todas\/#primaryimage","url":"https:\/\/ulysseus.eu\/wp-content\/uploads\/2023\/10\/mob4all-guide-ES.png","contentUrl":"https:\/\/ulysseus.eu\/wp-content\/uploads\/2023\/10\/mob4all-guide-ES.png","width":1873,"height":1317,"caption":"Portada de la gu\u00eda de Mob4All en la que se lee el t\u00edtulo: Gu\u00eda de movilidad para todos y todas"},{"@type":"WebSite","@id":"https:\/\/ulysseus.eu\/es\/#website","url":"https:\/\/ulysseus.eu\/es\/","name":"Ulysseus","description":"European University","publisher":{"@id":"https:\/\/ulysseus.eu\/es\/#organization"},"potentialAction":[{"@type":"SearchAction","target":{"@type":"EntryPoint","urlTemplate":"https:\/\/ulysseus.eu\/es\/?s={search_term_string}"},"query-input":{"@type":"PropertyValueSpecification","valueRequired":true,"valueName":"search_term_string"}}],"inLanguage":"es"},{"@type":"Organization","@id":"https:\/\/ulysseus.eu\/es\/#organization","name":"Ulysseus","alternateName":"European University","url":"https:\/\/ulysseus.eu\/es\/","logo":{"@type":"ImageObject","inLanguage":"es","@id":"https:\/\/ulysseus.eu\/es\/#\/schema\/logo\/image\/","url":"https:\/\/ulysseus.eu\/wp-content\/uploads\/2022\/02\/Ulysseus-Logo-01-MainVersion-2.png","contentUrl":"https:\/\/ulysseus.eu\/wp-content\/uploads\/2022\/02\/Ulysseus-Logo-01-MainVersion-2.png","width":3508,"height":2481,"caption":"Ulysseus"},"image":{"@id":"https:\/\/ulysseus.eu\/es\/#\/schema\/logo\/image\/"}}]}},"_links":{"self":[{"href":"https:\/\/ulysseus.eu\/es\/wp-json\/wp\/v2\/resources\/58431","targetHints":{"allow":["GET"]}}],"collection":[{"href":"https:\/\/ulysseus.eu\/es\/wp-json\/wp\/v2\/resources"}],"about":[{"href":"https:\/\/ulysseus.eu\/es\/wp-json\/wp\/v2\/types\/resources"}],"version-history":[{"count":4,"href":"https:\/\/ulysseus.eu\/es\/wp-json\/wp\/v2\/resources\/58431\/revisions"}],"predecessor-version":[{"id":59838,"href":"https:\/\/ulysseus.eu\/es\/wp-json\/wp\/v2\/resources\/58431\/revisions\/59838"}],"wp:featuredmedia":[{"embeddable":true,"href":"https:\/\/ulysseus.eu\/es\/wp-json\/wp\/v2\/media\/58433"}],"wp:attachment":[{"href":"https:\/\/ulysseus.eu\/es\/wp-json\/wp\/v2\/media?parent=58431"}],"wp:term":[{"taxonomy":"post_tag","embeddable":true,"href":"https:\/\/ulysseus.eu\/es\/wp-json\/wp\/v2\/tags?post=58431"}],"curies":[{"name":"wp","href":"https:\/\/api.w.org\/{rel}","templated":true}]}}